{"id":18518,"date":"2024-09-27T09:32:06","date_gmt":"2024-09-27T09:32:06","guid":{"rendered":"https:\/\/www.criteo.com\/br\/?page_id=18518"},"modified":"2024-09-27T09:32:06","modified_gmt":"2024-09-27T09:32:06","slug":"einstein-conversation-insight-privacy-notice","status":"publish","type":"page","link":"https:\/\/www.criteo.com\/br\/einstein-conversation-insight-privacy-notice\/","title":{"rendered":"Aviso de privacidade de grava\u00e7\u00e3o de videochamadas"},"content":{"rendered":"<p>A Criteo leva a sua privacidade muito a s\u00e9rio. Esse Aviso de privacidade descreve como a Criteo, como controladora dos dados, (&#8220;n\u00f3s&#8221;, &#8220;nosso&#8221;) coleta, usa e protege seus dados pessoais como parte de qualquer processo de grava\u00e7\u00e3o de videoconfer\u00eancias, e tamb\u00e9m descreve seus direitos quanto ao uso e acesso aos seus dados pessoais.<\/p>\n<h2>Como seus dados pessoais ser\u00e3o usados<\/h2>\n<p>A Criteo tem um interesse leg\u00edtimo na grava\u00e7\u00e3o das videochamadas dos membros de nossa equipe de vendas no espa\u00e7o de trabalho com seus clientes e prospects externos. O processamento de dados da videochamada nos permite:<\/p>\n<ul>\n<li>treinar nossa equipe de vendas (por exemplo, ao reunir grava\u00e7\u00f5es para ilustrar um ponto durante uma sess\u00e3o de treinamento);<\/li>\n<li>melhorar a performance da nossa equipe de vendas e Estrategista de conta<\/li>\n<li>melhorar a qualidade dos servi\u00e7os (por exemplo, ao permitir que as equipes de vendas examinem o tipo de respostas dadas a um cliente espec\u00edfico).<\/li>\n<\/ul>\n<p>As grava\u00e7\u00f5es de videoconfer\u00eancias s\u00e3o realizadas em uma base ad-hoc de acordo com crit\u00e9rios objetivos, os quais s\u00e3o determinados pela Criteo e compartilhados com os colaboradores necess\u00e1rios.<\/p>\n<h2>Quais dados pessoais ser\u00e3o coletados?<\/h2>\n<p>Os dados que armazenamos e processamos incluem:<\/p>\n<ul>\n<li>dados de identifica\u00e7\u00e3o: primeiro nome e sobrenome,<\/li>\n<li>dados comerciais: posi\u00e7\u00e3o, endere\u00e7o de email comercial, telefone comercial,<\/li>\n<li>dados de conex\u00e3o (endere\u00e7o de IP, registros),<\/li>\n<li>a grava\u00e7\u00e3o da videochamada,<\/li>\n<li>o arquivo de \u00e1udio da videochamada,<\/li>\n<li>a transcri\u00e7\u00e3o da videochamada.<\/li>\n<\/ul>\n<p>Os dados ser\u00e3o processados e hospedados pelos processadores de dados da Criteo:<\/p>\n<ul>\n<li>Provedor de servi\u00e7o de software Zoom que oferece suporte \u00e0 grava\u00e7\u00e3o da videochamada,<\/li>\n<li>Os v\u00eddeos s\u00e3o gramados pelo Zoom e armazenados nos servidores do Zoom, hospedados pelo Amazon Web Services.<\/li>\n<\/ul>\n<p>O processamento de seus dados pessoais implica na transfer\u00eancia dos dados para fora da Uni\u00e3o Europeia. Em acordo com a regulamenta\u00e7\u00e3o europeia de prote\u00e7\u00e3o de dados, essa transfer\u00eancia est\u00e1 coberta pelas cl\u00e1usulas contratuais padr\u00e3o e \u00e9 aprovada pela comiss\u00e3o europeia. Voc\u00ea pode acessar essas prote\u00e7\u00f5es ao enviar uma solicita\u00e7\u00e3o para <a href=\"mailto:dpo@criteo.com\">dpo@criteo.com<\/a>.<\/p>\n<h2>Quando divulgamos seus dados pessoais?<\/h2>\n<p>A grava\u00e7\u00e3o \u00e9 disponibilizada diretamente para o anfitri\u00e3o da videochamada, por exemplo, o colaborador da Criteo que realizou a grava\u00e7\u00e3o.<br \/>\nCom base na necessidade de saber, os dados s\u00e3o compartilhados com:<\/p>\n<ul>\n<li>o gerente do colaborador e equipes de treinamento para prop\u00f3sitos de treinamento e aprimoramento de performance e qualidade de servi\u00e7o;<\/li>\n<li>os processadores de dados da Criteo, como mencionado acima, para prop\u00f3sitos de armazenamento;<\/li>\n<li>as equipes de suporte de IT e administrativas se o acesso aos dados \u00e9 necess\u00e1rio para a realiza\u00e7\u00e3o de suas fun\u00e7\u00f5es ou qualquer tarefa administrativa.<\/li>\n<\/ul>\n<h2>Confidencialidade, seguran\u00e7a e reten\u00e7\u00e3o<\/h2>\n<p>Levamos a confidencialidade e seguran\u00e7a de seus dados muito a s\u00e9rio.<\/p>\n<p>Temos pol\u00edticas e controles internos implementados para garantir que seus dados n\u00e3o ser\u00e3o perdidos, destru\u00eddos acidentalmente, usados indevidamente ou divulgados, e n\u00e3o ser\u00e3o acessados, exceto pelos colaborados autorizados na realiza\u00e7\u00e3o correta de suas fun\u00e7\u00f5es.<\/p>\n<p>Os dados pessoais s\u00e3o mantidos por um m\u00ednimo de seis (6) meses a partir da coleta dos dados. Ap\u00f3s este per\u00edodo, os dados ser\u00e3o exclu\u00eddos.<\/p>\n<h2>Seus direitos<\/h2>\n<p>Sob o General Data Protecion Regulation (regulamento geral sobre a prote\u00e7\u00e3o de dados \u2014 GDPR), voc\u00ea tem os seguintes direitos em rela\u00e7\u00e3o aos seus dados pessoais:<\/p>\n<p>\u2013 Direito de acesso: voc\u00ea tem o direito de acesso, a qualquer momento, aos seus dados pessoais.<\/p>\n<p>\u2013 Direito de exclus\u00e3o: em certas circunst\u00e2ncias, voc\u00ea tem o direito de exigir \u00e0 Criteo a exclus\u00e3o de seus dados pessoais.<\/p>\n<p>\u2013 Direito a solicita\u00e7\u00e3o de corre\u00e7\u00e3o: voc\u00ea tem o direito, a qualquer momento, de solicitar a corre\u00e7\u00e3o de seus dados pessoais, os quais podem n\u00e3o estar corretos ou completos.<\/p>\n<p>\u2013 Direito \u00e0 restri\u00e7\u00e3o: voc\u00ea tem o direito de restringir o processamento de seus dados pessoais em certas circunst\u00e2ncias e pode solicitar \u00e0 Criteo a limita\u00e7\u00e3o da maneira que seus dados s\u00e3o utilizados.<\/p>\n<p>\u2013 Direito \u00e0 obje\u00e7\u00e3o: voc\u00ea tem o direito de solicitar que seus dados pessoais n\u00e3o sejam coletados e\/ou utilizados, salvo as situa\u00e7\u00f5es em que a solicita\u00e7\u00e3o n\u00e3o impacte a boa execu\u00e7\u00e3o dos neg\u00f3cios da empresa.<\/p>\n<p>Caso tenha quaisquer solicita\u00e7\u00f5es em rela\u00e7\u00e3o aos seus dados pessoais, envie uma solicita\u00e7\u00e3o para nosso respons\u00e1vel pela prote\u00e7\u00e3o de dados por e-mail ou carta nos detalhes de contato indicados abaixo.<\/p>\n<p>Voc\u00ea pode registrar uma reclama\u00e7\u00e3o com uma autoridade supervisora, por exemplo, na Fran\u00e7a: CNIL (<a href=\"http:\/\/www.cnil.fr\">www.cnil.fr<\/a>) se acreditar que n\u00e3o cumprimos com os requisitos da GDPR no tratamento de seus dados pessoais.<\/p>\n<h2>Detalhes de identidade e contato do controlador e respons\u00e1vel pela prote\u00e7\u00e3o de dados<\/h2>\n<p>Criteo \u00e9 o controlador dos dados e nosso respons\u00e1vel pela prote\u00e7\u00e3o de dados pode ser contactado atrav\u00e9s de e-mail ou correio:<\/p>\n<ul>\n<li>Por e-mail:\u00a0<a href=\"mailto:dpo@criteo.com\">dpo@criteo.com<\/a><\/li>\n<li>Por correio: DPO-CRITEO \u2014 32 Rue Blanche \u2014 75009, Paris \u2014 France<\/li>\n<\/ul>\n","protected":false},"excerpt":{"rendered":"<p>A Criteo leva a sua privacidade muito a s\u00e9rio. Esse Aviso de privacidade descreve como a Criteo, como controladora dos dados, (&#8220;n\u00f3s&#8221;, &#8220;nosso&#8221;) coleta, usa e protege seus dados pessoais como parte de qualquer processo de grava\u00e7\u00e3o de videoconfer\u00eancias, e tamb\u00e9m descreve seus direitos quanto ao uso e acesso aos seus dados pessoais. Como seus [&hellip;]<\/p>\n","protected":false},"author":167,"featured_media":0,"parent":0,"menu_order":0,"comment_status":"closed","ping_status":"closed","template":"page-templates\/basic.php","meta":{"_acf_changed":false,"footnotes":""},"coauthors":[642],"class_list":["post-18518","page","type-page","status-publish"],"acf":{"track_page_in_segment":false,"segment_page_name":"","bevel":"peach-grapes","bevel_reversed":false,"additional_code":"","side_text":"","layout_mode":"full-width","has_more_content":false,"storetail_optout":false},"yoast_head":"<!-- This site is optimized with the Yoast SEO plugin v26.4 - https:\/\/yoast.com\/wordpress\/plugins\/seo\/ -->\n<title>Aviso de privacidade de grava\u00e7\u00e3o de videochamadas | BR - Criteo.com<\/title>\n<meta name=\"robots\" content=\"noindex, nofollow\" \/>\n<meta property=\"og:locale\" content=\"pt_PT\" \/>\n<meta property=\"og:type\" content=\"article\" \/>\n<meta property=\"og:title\" content=\"Aviso de privacidade de grava\u00e7\u00e3o de videochamadas | BR - Criteo.com\" \/>\n<meta property=\"og:description\" content=\"A Criteo leva a sua privacidade muito a s\u00e9rio. Esse Aviso de privacidade descreve como a Criteo, como controladora dos dados, (&#8220;n\u00f3s&#8221;, &#8220;nosso&#8221;) coleta, usa e protege seus dados pessoais como parte de qualquer processo de grava\u00e7\u00e3o de videoconfer\u00eancias, e tamb\u00e9m descreve seus direitos quanto ao uso e acesso aos seus dados pessoais. Como seus [&hellip;]\" \/>\n<meta property=\"og:url\" content=\"https:\/\/www.criteo.com\/br\/einstein-conversation-insight-privacy-notice\/\" \/>\n<meta property=\"og:site_name\" content=\"BR - Criteo.com\" \/>\n<meta name=\"twitter:card\" content=\"summary_large_image\" \/>\n<meta name=\"twitter:label1\" content=\"Est. reading time\" \/>\n\t<meta name=\"twitter:data1\" content=\"5 minutes\" \/>\n<script type=\"application\/ld+json\" class=\"yoast-schema-graph\">{\n\t    \"@context\": \"https:\/\/schema.org\",\n\t    \"@graph\": [\n\t        {\n\t            \"@type\": \"WebPage\",\n\t            \"@id\": \"https:\/\/www.criteo.com\/br\/einstein-conversation-insight-privacy-notice\/\",\n\t            \"url\": \"https:\/\/www.criteo.com\/br\/einstein-conversation-insight-privacy-notice\/\",\n\t            \"name\": \"Aviso de privacidade de grava\u00e7\u00e3o de videochamadas | BR - Criteo.com\",\n\t            \"isPartOf\": {\n\t                \"@id\": \"https:\/\/www.criteo.com\/br\/#website\"\n\t            },\n\t            \"datePublished\": \"2024-09-27T09:32:06+00:00\",\n\t            \"breadcrumb\": {\n\t                \"@id\": \"https:\/\/www.criteo.com\/br\/einstein-conversation-insight-privacy-notice\/#breadcrumb\"\n\t            },\n\t            \"inLanguage\": \"pt-PT\",\n\t            \"potentialAction\": [\n\t                {\n\t                    \"@type\": \"ReadAction\",\n\t                    \"target\": [\n\t                        \"https:\/\/www.criteo.com\/br\/einstein-conversation-insight-privacy-notice\/\"\n\t                    ]\n\t                }\n\t            ]\n\t        },\n\t        {\n\t            \"@type\": \"BreadcrumbList\",\n\t            \"@id\": \"https:\/\/www.criteo.com\/br\/einstein-conversation-insight-privacy-notice\/#breadcrumb\",\n\t            \"itemListElement\": [\n\t                {\n\t                    \"@type\": \"ListItem\",\n\t                    \"position\": 1,\n\t                    \"name\": \"Home\",\n\t                    \"item\": \"https:\/\/www.criteo.com\/br\/\"\n\t                },\n\t                {\n\t                    \"@type\": \"ListItem\",\n\t                    \"position\": 2,\n\t                    \"name\": \"Aviso de privacidade de grava\u00e7\u00e3o de videochamadas\"\n\t                }\n\t            ]\n\t        },\n\t        {\n\t            \"@type\": \"WebSite\",\n\t            \"@id\": \"https:\/\/www.criteo.com\/br\/#website\",\n\t            \"url\": \"https:\/\/www.criteo.com\/br\/\",\n\t            \"name\": \"BR - Criteo.com\",\n\t            \"description\": \"\",\n\t            \"publisher\": {\n\t                \"@id\": \"https:\/\/www.criteo.com\/br\/#organization\"\n\t            },\n\t            \"potentialAction\": [\n\t                {\n\t                    \"@type\": \"SearchAction\",\n\t                    \"target\": {\n\t                        \"@type\": \"EntryPoint\",\n\t                        \"urlTemplate\": \"https:\/\/www.criteo.com\/br\/?s={search_term_string}\"\n\t                    },\n\t                    \"query-input\": {\n\t                        \"@type\": \"PropertyValueSpecification\",\n\t                        \"valueRequired\": true,\n\t                        \"valueName\": \"search_term_string\"\n\t                    }\n\t                }\n\t            ],\n\t            \"inLanguage\": \"pt-PT\"\n\t        },\n\t        {\n\t            \"@type\": \"Organization\",\n\t            \"@id\": \"https:\/\/www.criteo.com\/br\/#organization\",\n\t            \"name\": \"Criteo\",\n\t            \"alternateName\": \"Criteo corp\",\n\t            \"url\": \"https:\/\/www.criteo.com\/br\/\",\n\t            \"logo\": {\n\t                \"@type\": \"ImageObject\",\n\t                \"inLanguage\": \"pt-PT\",\n\t                \"@id\": \"https:\/\/www.criteo.com\/br\/#\/schema\/logo\/image\/\",\n\t                \"url\": \"https:\/\/www.criteo.com\/br\/wp-content\/uploads\/sites\/5\/2024\/02\/Criteo-Logo.svg\",\n\t                \"contentUrl\": \"https:\/\/www.criteo.com\/br\/wp-content\/uploads\/sites\/5\/2024\/02\/Criteo-Logo.svg\",\n\t                \"width\": 118,\n\t                \"height\": 24,\n\t                \"caption\": \"Criteo\"\n\t            },\n\t            \"image\": {\n\t                \"@id\": \"https:\/\/www.criteo.com\/br\/#\/schema\/logo\/image\/\"\n\t            }\n\t        }\n\t    ]\n\t}<\/script>\n<!-- \/ Yoast SEO plugin. -->","yoast_head_json":{"title":"Aviso de privacidade de grava\u00e7\u00e3o de videochamadas | BR - Criteo.com","robots":{"index":"noindex","follow":"nofollow"},"og_locale":"pt_PT","og_type":"article","og_title":"Aviso de privacidade de grava\u00e7\u00e3o de videochamadas | BR - Criteo.com","og_description":"A Criteo leva a sua privacidade muito a s\u00e9rio. Esse Aviso de privacidade descreve como a Criteo, como controladora dos dados, (&#8220;n\u00f3s&#8221;, &#8220;nosso&#8221;) coleta, usa e protege seus dados pessoais como parte de qualquer processo de grava\u00e7\u00e3o de videoconfer\u00eancias, e tamb\u00e9m descreve seus direitos quanto ao uso e acesso aos seus dados pessoais. Como seus [&hellip;]","og_url":"https:\/\/www.criteo.com\/br\/einstein-conversation-insight-privacy-notice\/","og_site_name":"BR - Criteo.com","twitter_card":"summary_large_image","twitter_misc":{"Est. reading time":"5 minutes"},"schema":{"@context":"https:\/\/schema.org","@graph":[{"@type":"WebPage","@id":"https:\/\/www.criteo.com\/br\/einstein-conversation-insight-privacy-notice\/","url":"https:\/\/www.criteo.com\/br\/einstein-conversation-insight-privacy-notice\/","name":"Aviso de privacidade de grava\u00e7\u00e3o de videochamadas | BR - Criteo.com","isPartOf":{"@id":"https:\/\/www.criteo.com\/br\/#website"},"datePublished":"2024-09-27T09:32:06+00:00","breadcrumb":{"@id":"https:\/\/www.criteo.com\/br\/einstein-conversation-insight-privacy-notice\/#breadcrumb"},"inLanguage":"pt-PT","potentialAction":[{"@type":"ReadAction","target":["https:\/\/www.criteo.com\/br\/einstein-conversation-insight-privacy-notice\/"]}]},{"@type":"BreadcrumbList","@id":"https:\/\/www.criteo.com\/br\/einstein-conversation-insight-privacy-notice\/#breadcrumb","itemListElement":[{"@type":"ListItem","position":1,"name":"Home","item":"https:\/\/www.criteo.com\/br\/"},{"@type":"ListItem","position":2,"name":"Aviso de privacidade de grava\u00e7\u00e3o de videochamadas"}]},{"@type":"WebSite","@id":"https:\/\/www.criteo.com\/br\/#website","url":"https:\/\/www.criteo.com\/br\/","name":"BR - Criteo.com","description":"","publisher":{"@id":"https:\/\/www.criteo.com\/br\/#organization"},"potentialAction":[{"@type":"SearchAction","target":{"@type":"EntryPoint","urlTemplate":"https:\/\/www.criteo.com\/br\/?s={search_term_string}"},"query-input":{"@type":"PropertyValueSpecification","valueRequired":true,"valueName":"search_term_string"}}],"inLanguage":"pt-PT"},{"@type":"Organization","@id":"https:\/\/www.criteo.com\/br\/#organization","name":"Criteo","alternateName":"Criteo corp","url":"https:\/\/www.criteo.com\/br\/","logo":{"@type":"ImageObject","inLanguage":"pt-PT","@id":"https:\/\/www.criteo.com\/br\/#\/schema\/logo\/image\/","url":"https:\/\/www.criteo.com\/br\/wp-content\/uploads\/sites\/5\/2024\/02\/Criteo-Logo.svg","contentUrl":"https:\/\/www.criteo.com\/br\/wp-content\/uploads\/sites\/5\/2024\/02\/Criteo-Logo.svg","width":118,"height":24,"caption":"Criteo"},"image":{"@id":"https:\/\/www.criteo.com\/br\/#\/schema\/logo\/image\/"}}]}},"_links":{"self":[{"href":"https:\/\/www.criteo.com\/br\/wp-json\/wp\/v2\/pages\/18518","targetHints":{"allow":["GET"]}}],"collection":[{"href":"https:\/\/www.criteo.com\/br\/wp-json\/wp\/v2\/pages"}],"about":[{"href":"https:\/\/www.criteo.com\/br\/wp-json\/wp\/v2\/types\/page"}],"author":[{"embeddable":true,"href":"https:\/\/www.criteo.com\/br\/wp-json\/wp\/v2\/users\/167"}],"replies":[{"embeddable":true,"href":"https:\/\/www.criteo.com\/br\/wp-json\/wp\/v2\/comments?post=18518"}],"version-history":[{"count":1,"href":"https:\/\/www.criteo.com\/br\/wp-json\/wp\/v2\/pages\/18518\/revisions"}],"predecessor-version":[{"id":18519,"href":"https:\/\/www.criteo.com\/br\/wp-json\/wp\/v2\/pages\/18518\/revisions\/18519"}],"wp:attachment":[{"href":"https:\/\/www.criteo.com\/br\/wp-json\/wp\/v2\/media?parent=18518"}],"wp:term":[{"taxonomy":"author","embeddable":true,"href":"https:\/\/www.criteo.com\/br\/wp-json\/wp\/v2\/coauthors?post=18518"}],"curies":[{"name":"wp","href":"https:\/\/api.w.org\/{rel}","templated":true}]}}