{"id":19362,"date":"2024-09-27T08:54:39","date_gmt":"2024-09-27T08:54:39","guid":{"rendered":"https:\/\/www.criteo.com\/es\/?page_id=19362"},"modified":"2024-09-27T09:22:04","modified_gmt":"2024-09-27T09:22:04","slug":"einstein-conversation-insight-privacy-notice","status":"publish","type":"page","link":"https:\/\/www.criteo.com\/es\/einstein-conversation-insight-privacy-notice\/","title":{"rendered":"Aviso sobre privacidad de grabaci\u00f3n de videollamadas"},"content":{"rendered":"<p>Criteo se toma muy en serio tu privacidad. Este Aviso de privacidad describe c\u00f3mo Criteo como controlador de datos (&#8220;nosotros&#8221;, &#8220;a nosotros&#8221;, &#8220;nuestro\/a\/os\/as&#8221; recopila, utiliza y protege tus datos personales como parte de cualquier proceso de grabaci\u00f3n de videollamadas, y tambi\u00e9n describe tus derechos en relaci\u00f3n a nuestros uso y tu acceso a tus datos personales.<\/p>\n<h2>C\u00f3mo se utilizar\u00e1n tus datos personales<\/h2>\n<p>Criteo tiene un inter\u00e9s leg\u00edtimo en grabar videollamadas de nuestros equipos de ventas en el lugar de trabajo con sus clientes externos o clientes potenciales. El procesamiento de datos de las videollamadas nos permite:<\/p>\n<ul>\n<li>formar a nuestros equipos de ventas (por ejemplo, reutilizando grabaciones para ilustrar un punto durante las sesiones de formaci\u00f3n);<\/li>\n<li>mejorar el rendimiento del equipo de ventas y de los expertos de Criteo, y<\/li>\n<li>mejorar la calidad del servicio (por ejemplo, permitiendo a los equipos de ventas examinar el tipo de respuesta dada al cliente).<\/li>\n<\/ul>\n<p>Las grabaciones de videollamadas se realizan de forma ad hoc de acuerdo con criterios objetivos determinados por Criteo y comunicados a los empleados afectados.<\/p>\n<h2>Qu\u00e9 datos personales se recopilar\u00e1n<\/h2>\n<p>Los datos que conservamos y procesamos incluyen:<\/p>\n<ul>\n<li>Datos de identificaci\u00f3n: nombre y apellido<\/li>\n<li>Datos profesionales: cargo, direcci\u00f3n de email profesional, n\u00famero de tel\u00e9fono profesional<\/li>\n<li>Datos de conexi\u00f3n (direcci\u00f3n IP, registros)<\/li>\n<li>La grabaci\u00f3n de la videollamada,<\/li>\n<li>El archivo de audio de la videollamada,<\/li>\n<li>La transcripci\u00f3n de la videollamada.<\/li>\n<\/ul>\n<p>Los datos se procesar\u00e1n y alojar\u00e1n en los procesadores de datos de Criteo:<\/p>\n<ul>\n<li>Proveedor de servicios de software Zoom que admite la grabaci\u00f3n de la videollamada<\/li>\n<li>Los v\u00eddeos son grabados por Zoom y almacenados en los servidores de Zoom, alojados en Amazon Web Services<\/li>\n<\/ul>\n<p>El tratamiento de tus datos personales implica la transferencia de los mismos fuera de la Uni\u00f3n Europea. De conformidad con la normativa europea sobre protecci\u00f3n de datos, esta transferencia est\u00e1 amparada por las Cl\u00e1usulas Contractuales Est\u00e1ndar aprobadas por la Comisi\u00f3n Europea. Si quieres consultar dichas protecciones, env\u00edanos una solicitud a <a href=\"mailto:dpo@criteo.com\">dpo@criteo.com.<\/a><\/p>\n<h2>\u00bfCu\u00e1ndo revelamos tus datos personales?<\/h2>\n<p>La grabaci\u00f3n est\u00e1 directamente disponible para el anfitri\u00f3n de la videollamada, es decir, el empleado de Criteo que realiza la grabaci\u00f3n.<br \/>\nLos datos se comparten con quien los necesite:<\/p>\n<ul>\n<li>El jefe de personal y los equipos de formaci\u00f3n con el fin de formar y mejorar el rendimiento y la calidad del servicio;<\/li>\n<li>Los procesadores de datos de Criteo mencionados anteriormente para fines de alojamiento principalmente;<\/li>\n<li>Los equipos de soporte de TI\/Administraci\u00f3n si el acceso a los datos es necesario para el desempe\u00f1o de sus funciones o de cualquier tarea relacionada con la administraci\u00f3n.<\/li>\n<\/ul>\n<h2>Confidencialidad, Seguridad y Retenci\u00f3n<\/h2>\n<p>Nos tomamos muy en serio la confidencialidad y la seguridad de tus datos.<\/p>\n<p>Disponemos de pol\u00edticas y controles internos para garantizar que tus datos no se pierdan, se destruyan accidentalmente, se utilicen indebidamente o se divulguen, y que s\u00f3lo accedan a ellos nuestros empleados autorizados en el desempe\u00f1o correcto de sus funciones.<\/p>\n<p>Los datos personales se conservan durante un m\u00e1ximo de seis (6) meses a partir de la fecha de recopilaci\u00f3n. Transcurrido este plazo, los datos se borrar\u00e1n.<\/p>\n<h2>Tus derechos<\/h2>\n<p>Seg\u00fan el Reglamento General de Protecci\u00f3n de Datos (RGPD) tienes los siguientes derechos en relaci\u00f3n con tus datos personales:<\/p>\n<p>&#8211; Derecho de acceso: tienes derecho a acceder, en cualquier momento, a tus datos personales.<\/p>\n<p>&#8211; Derecho de supresi\u00f3n: en determinadas circunstancias, tienes derecho a solicitar a Criteo la supresi\u00f3n de tus datos personales;<\/p>\n<p>&#8211; Derecho a solicitar la rectificaci\u00f3n: tienes derecho, en cualquier momento, a solicitar la rectificaci\u00f3n de tus datos personales, que no fueran exactos o completos;<\/p>\n<p>&#8211; Derecho de restricci\u00f3n: tienes derecho a restringir el tratamiento de tus datos personales en determinadas circunstancias, y puedes solicitar a Criteo que limite la forma en que utilizamos tus datos;<\/p>\n<p>&#8211; Derecho de objeci\u00f3n: tienes derecho a solicitar que no se recopilen y\/o no se utilicen tus datos personales, siempre que no repercuta en el buen funcionamiento de la empresa;<\/p>\n<p>Si tienes alguna petici\u00f3n relacionada con tus datos personales, env\u00eda tu solicitud a nuestro responsable de protecci\u00f3n de datos por email o correo postal a los datos de contacto indicados a continuaci\u00f3n.<\/p>\n<p>Puedes presentar una reclamaci\u00f3n ante una autoridad de control, por ejemplo en Francia: CNIL <a href=\"http:\/\/www.cnil.fr\">(www.cnil.fr)<\/a> si consideras que no hemos cumplido los requisitos del RGPD en relaci\u00f3n con tus datos personales.<\/p>\n<h2>Identidad y datos de contacto del controlador y del encargado de protecci\u00f3n de datos<\/h2>\n<p>Criteo es el responsable del tratamiento de los datos y puede ponerse en contacto con nuestro encargado de protecci\u00f3n de datos por email o correo postal:<\/p>\n<ul>\n<li>Por email <a href=\"mailto:dpo@criteo.com\">dpo@criteo.com<\/a><\/li>\n<li>Por correo postal DPO-CRITEO \u2013 32 Rue Blanche -75009 Par\u00eds \u2013 Francia<\/li>\n<\/ul>\n","protected":false},"excerpt":{"rendered":"<p>Criteo se toma muy en serio tu privacidad. Este Aviso de privacidad describe c\u00f3mo Criteo como controlador de datos (&#8220;nosotros&#8221;, &#8220;a nosotros&#8221;, &#8220;nuestro\/a\/os\/as&#8221; recopila, utiliza y protege tus datos personales como parte de cualquier proceso de grabaci\u00f3n de videollamadas, y tambi\u00e9n describe tus derechos en relaci\u00f3n a nuestros uso y tu acceso a tus datos [&hellip;]<\/p>\n","protected":false},"author":167,"featured_media":0,"parent":0,"menu_order":0,"comment_status":"closed","ping_status":"closed","template":"page-templates\/basic.php","meta":{"_acf_changed":false,"footnotes":""},"coauthors":[593],"class_list":["post-19362","page","type-page","status-publish"],"acf":{"track_page_in_segment":false,"segment_page_name":"","bevel":"peach-grapes","bevel_reversed":false,"additional_code":"","side_text":"","layout_mode":"full-width","has_more_content":false,"storetail_optout":false,"rest_of_the_content":"<p>Criteo se toma muy en serio tu privacidad. Este Aviso de privacidad describe c\u00f3mo Criteo como controlador de datos (&#8220;nosotros&#8221;, &#8220;a nosotros&#8221;, &#8220;nuestro\/a\/os\/as&#8221; recopila, utiliza y protege tus datos personales como parte de cualquier proceso de grabaci\u00f3n de videollamadas, y tambi\u00e9n describe tus derechos en relaci\u00f3n a nuestros uso y tu acceso a tus datos personales.<\/p>\n<p>&nbsp;<\/p>\n<p>C\u00f3mo se utilizar\u00e1n tus datos personales.<\/p>\n<p>Criteo tiene un inter\u00e9s leg\u00edtimo en grabar videollamadas de nuestros equipos de ventas en el lugar de trabajo con sus clientes externos o clientes potenciales. El procesamiento de datos de las videollamadas nos permite:<\/p>\n<ul>\n<li>formar a nuestros equipos de ventas (por ejemplo, reutilizando grabaciones para ilustrar un punto durante las sesiones de formaci\u00f3n);<\/li>\n<li>mejorar el rendimiento del equipo de ventas y de los expertos de Criteo, y<\/li>\n<li>mejorar la calidad del servicio (por ejemplo, permitiendo a los equipos de ventas examinar el tipo de respuesta dada al cliente).<\/li>\n<\/ul>\n<p>&nbsp;<\/p>\n<p>Las grabaciones de videollamadas se realizan de forma ad hoc de acuerdo con criterios objetivos determinados por Criteo y comunicados a los empleados afectados.<\/p>\n<p>&nbsp;<\/p>\n<p>Qu\u00e9 datos personales se recopilar\u00e1n<\/p>\n<p>Los datos que conservamos y procesamos incluyen:<\/p>\n<ul>\n<li>Datos de identificaci\u00f3n: nombre y apellido<\/li>\n<li>Datos profesionales: cargo, direcci\u00f3n de email profesional, n\u00famero de tel\u00e9fono profesional<\/li>\n<li>Datos de conexi\u00f3n (direcci\u00f3n IP, registros)<\/li>\n<li>La grabaci\u00f3n de la videollamada,<\/li>\n<li>El archivo de audio de la videollamada,<\/li>\n<li>La transcripci\u00f3n de la videollamada.<\/li>\n<\/ul>\n<p>&nbsp;<\/p>\n<p>Los datos se procesar\u00e1n y alojar\u00e1n en los procesadores de datos de Criteo:<\/p>\n<ul>\n<li>Proveedor de servicios de software Zoom que admite la grabaci\u00f3n de la videollamada<\/li>\n<li>Los v\u00eddeos son grabados por Zoom y almacenados en los servidores de Zoom, alojados en Amazon Web Services<\/li>\n<\/ul>\n<p>&nbsp;<\/p>\n<p>El tratamiento de tus datos personales implica la transferencia de los mismos fuera de la Uni\u00f3n Europea. De conformidad con la normativa europea sobre protecci\u00f3n de datos, esta transferencia est\u00e1 amparada por las Cl\u00e1usulas Contractuales Est\u00e1ndar aprobadas por la Comisi\u00f3n Europea. Si quieres consultar dichas protecciones, env\u00edanos una solicitud a <a href=\"mailto:dpo@criteo.com\">dpo@criteo.com.<\/a><\/p>\n<p>&nbsp;<\/p>\n<p>\u00bfCu\u00e1ndo revelamos tus datos personales?<\/p>\n<p>La grabaci\u00f3n est\u00e1 directamente disponible para el anfitri\u00f3n de la videollamada, es decir, el empleado de Criteo que realiza la grabaci\u00f3n.<br \/>\nLos datos se comparten con quien los necesite:<\/p>\n<ul>\n<li>El jefe de personal y los equipos de formaci\u00f3n con el fin de formar y mejorar el rendimiento y la calidad del servicio;<\/li>\n<li>Los procesadores de datos de Criteo mencionados anteriormente para fines de alojamiento principalmente;<\/li>\n<li>Los equipos de soporte de TI\/Administraci\u00f3n si el acceso a los datos es necesario para el desempe\u00f1o de sus funciones o de cualquier tarea relacionada con la administraci\u00f3n.<\/li>\n<\/ul>\n<p>&nbsp;<\/p>\n<p>Confidencialidad, Seguridad y Retenci\u00f3n<\/p>\n<p>Nos tomamos muy en serio la confidencialidad y la seguridad de tus datos.<\/p>\n<p>Disponemos de pol\u00edticas y controles internos para garantizar que tus datos no se pierdan, se destruyan accidentalmente, se utilicen indebidamente o se divulguen, y que s\u00f3lo accedan a ellos nuestros empleados autorizados en el desempe\u00f1o correcto de sus funciones.<\/p>\n<p>Los datos personales se conservan durante un m\u00e1ximo de seis (6) meses a partir de la fecha de recopilaci\u00f3n. Transcurrido este plazo, los datos se borrar\u00e1n.<\/p>\n<p>&nbsp;<\/p>\n<p>&nbsp;<\/p>\n<p>Tus derechos<\/p>\n<p>Seg\u00fan el Reglamento General de Protecci\u00f3n de Datos (RGPD) tienes los siguientes derechos en relaci\u00f3n con tus datos personales:<\/p>\n<p>&nbsp;<\/p>\n<p>&#8211; Derecho de acceso: tienes derecho a acceder, en cualquier momento, a tus datos personales.<\/p>\n<p>&#8211; Derecho de supresi\u00f3n: en determinadas circunstancias, tienes derecho a solicitar a Criteo la supresi\u00f3n de tus datos personales;<\/p>\n<p>&#8211; Derecho a solicitar la rectificaci\u00f3n : tienes derecho, en cualquier momento, a solicitar la rectificaci\u00f3n de tus datos personales, que no fueran exactos o completos;<\/p>\n<p>&#8211; Derecho de restricci\u00f3n: tienes derecho a restringir el tratamiento de tus datos personales en determinadas circunstancias, y puedes solicitar a Criteo que limite la forma en que utilizamos tus datos;<\/p>\n<p>&#8211; Derecho de objeci\u00f3n: tienes derecho a solicitar que no se recopilen y\/o no se utilicen tus datos personales, siempre que no repercuta en el buen funcionamiento de la empresa;<\/p>\n<p>&nbsp;<\/p>\n<p>Si tienes alguna petici\u00f3n relacionada con tus datos personales, env\u00eda tu solicitud a nuestro responsable de protecci\u00f3n de datos por email o correo postal a los datos de contacto indicados a continuaci\u00f3n.<\/p>\n<p>&nbsp;<\/p>\n<p>Puedes presentar una reclamaci\u00f3n ante una autoridad de control, por ejemplo en Francia: CNIL <a href=\"http:\/\/www.cnil.fr\">(www.cnil.fr)<\/a> si consideras que no hemos cumplido los requisitos del RGPD en relaci\u00f3n con tus datos personales.<\/p>\n<p>&nbsp;<\/p>\n<p>Identidad y datos de contacto del controlador y del encargado de protecci\u00f3n de datos<\/p>\n<p>Criteo es el responsable del tratamiento de los datos y puede ponerse en contacto con nuestro encargado de protecci\u00f3n de datos por email o correo postal :<\/p>\n<ul>\n<li>Por email <a href=\"mailto:dpo@criteo.com\">dpo@criteo.com<\/a><\/li>\n<li>Por correo postal DPO-CRITEO \u2013 32 Rue Blanche -75009 Par\u00eds \u2013 Francia<\/li>\n<\/ul>\n"},"yoast_head":"<!-- This site is optimized with the Yoast SEO plugin v26.4 - https:\/\/yoast.com\/wordpress\/plugins\/seo\/ -->\n<title>Aviso sobre privacidad de grabaci\u00f3n de videollamadas | ES - Criteo<\/title>\n<meta name=\"robots\" content=\"noindex, nofollow\" \/>\n<meta property=\"og:locale\" content=\"es_ES\" \/>\n<meta property=\"og:type\" content=\"article\" \/>\n<meta property=\"og:title\" content=\"Aviso sobre privacidad de grabaci\u00f3n de videollamadas | ES - Criteo\" \/>\n<meta property=\"og:description\" content=\"Criteo se toma muy en serio tu privacidad. Este Aviso de privacidad describe c\u00f3mo Criteo como controlador de datos (&#8220;nosotros&#8221;, &#8220;a nosotros&#8221;, &#8220;nuestro\/a\/os\/as&#8221; recopila, utiliza y protege tus datos personales como parte de cualquier proceso de grabaci\u00f3n de videollamadas, y tambi\u00e9n describe tus derechos en relaci\u00f3n a nuestros uso y tu acceso a tus datos [&hellip;]\" \/>\n<meta property=\"og:url\" content=\"https:\/\/www.criteo.com\/es\/einstein-conversation-insight-privacy-notice\/\" \/>\n<meta property=\"og:site_name\" content=\"ES - Criteo\" \/>\n<meta property=\"article:modified_time\" content=\"2024-09-27T09:22:04+00:00\" \/>\n<meta name=\"twitter:card\" content=\"summary_large_image\" \/>\n<meta name=\"twitter:label1\" content=\"Est. reading time\" \/>\n\t<meta name=\"twitter:data1\" content=\"4 minutes\" \/>\n<script type=\"application\/ld+json\" class=\"yoast-schema-graph\">{\n\t    \"@context\": \"https:\/\/schema.org\",\n\t    \"@graph\": [\n\t        {\n\t            \"@type\": \"WebPage\",\n\t            \"@id\": \"https:\/\/www.criteo.com\/es\/einstein-conversation-insight-privacy-notice\/\",\n\t            \"url\": \"https:\/\/www.criteo.com\/es\/einstein-conversation-insight-privacy-notice\/\",\n\t            \"name\": \"Aviso sobre privacidad de grabaci\u00f3n de videollamadas | ES - Criteo\",\n\t            \"isPartOf\": {\n\t                \"@id\": \"https:\/\/www.criteo.com\/es\/#website\"\n\t            },\n\t            \"datePublished\": \"2024-09-27T08:54:39+00:00\",\n\t            \"dateModified\": \"2024-09-27T09:22:04+00:00\",\n\t            \"breadcrumb\": {\n\t                \"@id\": \"https:\/\/www.criteo.com\/es\/einstein-conversation-insight-privacy-notice\/#breadcrumb\"\n\t            },\n\t            \"inLanguage\": \"es-ES\",\n\t            \"potentialAction\": [\n\t                {\n\t                    \"@type\": \"ReadAction\",\n\t                    \"target\": [\n\t                        \"https:\/\/www.criteo.com\/es\/einstein-conversation-insight-privacy-notice\/\"\n\t                    ]\n\t                }\n\t            ]\n\t        },\n\t        {\n\t            \"@type\": \"BreadcrumbList\",\n\t            \"@id\": \"https:\/\/www.criteo.com\/es\/einstein-conversation-insight-privacy-notice\/#breadcrumb\",\n\t            \"itemListElement\": [\n\t                {\n\t                    \"@type\": \"ListItem\",\n\t                    \"position\": 1,\n\t                    \"name\": \"Home\",\n\t                    \"item\": \"https:\/\/www.criteo.com\/es\/\"\n\t                },\n\t                {\n\t                    \"@type\": \"ListItem\",\n\t                    \"position\": 2,\n\t                    \"name\": \"Aviso sobre privacidad de grabaci\u00f3n de videollamadas\"\n\t                }\n\t            ]\n\t        },\n\t        {\n\t            \"@type\": \"WebSite\",\n\t            \"@id\": \"https:\/\/www.criteo.com\/es\/#website\",\n\t            \"url\": \"https:\/\/www.criteo.com\/es\/\",\n\t            \"name\": \"ES - Criteo\",\n\t            \"description\": \"\",\n\t            \"publisher\": {\n\t                \"@id\": \"https:\/\/www.criteo.com\/es\/#organization\"\n\t            },\n\t            \"potentialAction\": [\n\t                {\n\t                    \"@type\": \"SearchAction\",\n\t                    \"target\": {\n\t                        \"@type\": \"EntryPoint\",\n\t                        \"urlTemplate\": \"https:\/\/www.criteo.com\/es\/?s={search_term_string}\"\n\t                    },\n\t                    \"query-input\": {\n\t                        \"@type\": \"PropertyValueSpecification\",\n\t                        \"valueRequired\": true,\n\t                        \"valueName\": \"search_term_string\"\n\t                    }\n\t                }\n\t            ],\n\t            \"inLanguage\": \"es-ES\"\n\t        },\n\t        {\n\t            \"@type\": \"Organization\",\n\t            \"@id\": \"https:\/\/www.criteo.com\/es\/#organization\",\n\t            \"name\": \"Criteo\",\n\t            \"alternateName\": \"Criteo corp\",\n\t            \"url\": \"https:\/\/www.criteo.com\/es\/\",\n\t            \"logo\": {\n\t                \"@type\": \"ImageObject\",\n\t                \"inLanguage\": \"es-ES\",\n\t                \"@id\": \"https:\/\/www.criteo.com\/es\/#\/schema\/logo\/image\/\",\n\t                \"url\": \"https:\/\/www.criteo.com\/es\/wp-content\/uploads\/sites\/8\/2024\/02\/Criteo-Logo.svg\",\n\t                \"contentUrl\": \"https:\/\/www.criteo.com\/es\/wp-content\/uploads\/sites\/8\/2024\/02\/Criteo-Logo.svg\",\n\t                \"width\": 118,\n\t                \"height\": 24,\n\t                \"caption\": \"Criteo\"\n\t            },\n\t            \"image\": {\n\t                \"@id\": \"https:\/\/www.criteo.com\/es\/#\/schema\/logo\/image\/\"\n\t            }\n\t        }\n\t    ]\n\t}<\/script>\n<!-- \/ Yoast SEO plugin. -->","yoast_head_json":{"title":"Aviso sobre privacidad de grabaci\u00f3n de videollamadas | ES - Criteo","robots":{"index":"noindex","follow":"nofollow"},"og_locale":"es_ES","og_type":"article","og_title":"Aviso sobre privacidad de grabaci\u00f3n de videollamadas | ES - Criteo","og_description":"Criteo se toma muy en serio tu privacidad. Este Aviso de privacidad describe c\u00f3mo Criteo como controlador de datos (&#8220;nosotros&#8221;, &#8220;a nosotros&#8221;, &#8220;nuestro\/a\/os\/as&#8221; recopila, utiliza y protege tus datos personales como parte de cualquier proceso de grabaci\u00f3n de videollamadas, y tambi\u00e9n describe tus derechos en relaci\u00f3n a nuestros uso y tu acceso a tus datos [&hellip;]","og_url":"https:\/\/www.criteo.com\/es\/einstein-conversation-insight-privacy-notice\/","og_site_name":"ES - Criteo","article_modified_time":"2024-09-27T09:22:04+00:00","twitter_card":"summary_large_image","twitter_misc":{"Est. reading time":"4 minutes"},"schema":{"@context":"https:\/\/schema.org","@graph":[{"@type":"WebPage","@id":"https:\/\/www.criteo.com\/es\/einstein-conversation-insight-privacy-notice\/","url":"https:\/\/www.criteo.com\/es\/einstein-conversation-insight-privacy-notice\/","name":"Aviso sobre privacidad de grabaci\u00f3n de videollamadas | ES - Criteo","isPartOf":{"@id":"https:\/\/www.criteo.com\/es\/#website"},"datePublished":"2024-09-27T08:54:39+00:00","dateModified":"2024-09-27T09:22:04+00:00","breadcrumb":{"@id":"https:\/\/www.criteo.com\/es\/einstein-conversation-insight-privacy-notice\/#breadcrumb"},"inLanguage":"es-ES","potentialAction":[{"@type":"ReadAction","target":["https:\/\/www.criteo.com\/es\/einstein-conversation-insight-privacy-notice\/"]}]},{"@type":"BreadcrumbList","@id":"https:\/\/www.criteo.com\/es\/einstein-conversation-insight-privacy-notice\/#breadcrumb","itemListElement":[{"@type":"ListItem","position":1,"name":"Home","item":"https:\/\/www.criteo.com\/es\/"},{"@type":"ListItem","position":2,"name":"Aviso sobre privacidad de grabaci\u00f3n de videollamadas"}]},{"@type":"WebSite","@id":"https:\/\/www.criteo.com\/es\/#website","url":"https:\/\/www.criteo.com\/es\/","name":"ES - Criteo","description":"","publisher":{"@id":"https:\/\/www.criteo.com\/es\/#organization"},"potentialAction":[{"@type":"SearchAction","target":{"@type":"EntryPoint","urlTemplate":"https:\/\/www.criteo.com\/es\/?s={search_term_string}"},"query-input":{"@type":"PropertyValueSpecification","valueRequired":true,"valueName":"search_term_string"}}],"inLanguage":"es-ES"},{"@type":"Organization","@id":"https:\/\/www.criteo.com\/es\/#organization","name":"Criteo","alternateName":"Criteo corp","url":"https:\/\/www.criteo.com\/es\/","logo":{"@type":"ImageObject","inLanguage":"es-ES","@id":"https:\/\/www.criteo.com\/es\/#\/schema\/logo\/image\/","url":"https:\/\/www.criteo.com\/es\/wp-content\/uploads\/sites\/8\/2024\/02\/Criteo-Logo.svg","contentUrl":"https:\/\/www.criteo.com\/es\/wp-content\/uploads\/sites\/8\/2024\/02\/Criteo-Logo.svg","width":118,"height":24,"caption":"Criteo"},"image":{"@id":"https:\/\/www.criteo.com\/es\/#\/schema\/logo\/image\/"}}]}},"_links":{"self":[{"href":"https:\/\/www.criteo.com\/es\/wp-json\/wp\/v2\/pages\/19362","targetHints":{"allow":["GET"]}}],"collection":[{"href":"https:\/\/www.criteo.com\/es\/wp-json\/wp\/v2\/pages"}],"about":[{"href":"https:\/\/www.criteo.com\/es\/wp-json\/wp\/v2\/types\/page"}],"author":[{"embeddable":true,"href":"https:\/\/www.criteo.com\/es\/wp-json\/wp\/v2\/users\/167"}],"replies":[{"embeddable":true,"href":"https:\/\/www.criteo.com\/es\/wp-json\/wp\/v2\/comments?post=19362"}],"version-history":[{"count":4,"href":"https:\/\/www.criteo.com\/es\/wp-json\/wp\/v2\/pages\/19362\/revisions"}],"predecessor-version":[{"id":19366,"href":"https:\/\/www.criteo.com\/es\/wp-json\/wp\/v2\/pages\/19362\/revisions\/19366"}],"wp:attachment":[{"href":"https:\/\/www.criteo.com\/es\/wp-json\/wp\/v2\/media?parent=19362"}],"wp:term":[{"taxonomy":"author","embeddable":true,"href":"https:\/\/www.criteo.com\/es\/wp-json\/wp\/v2\/coauthors?post=19362"}],"curies":[{"name":"wp","href":"https:\/\/api.w.org\/{rel}","templated":true}]}}